{"id":433,"date":"2020-11-25T16:22:30","date_gmt":"2020-11-25T15:22:30","guid":{"rendered":"http:\/\/operati.cluster030.hosting.ovh.net\/?page_id=433"},"modified":"2021-03-18T20:03:13","modified_gmt":"2021-03-18T19:03:13","slug":"moliere-sur-scene-moliere-a-lecole-regards-croises","status":"publish","type":"page","link":"https:\/\/operation-moliere.net\/index.php\/les-formations\/moliere-sur-scene-moliere-a-lecole-regards-croises\/","title":{"rendered":"Moli\u00e8re sur sc\u00e8ne, Moli\u00e8re \u00e0 l&#8217;\u00e9cole : regards crois\u00e9s"},"content":{"rendered":"\n<p><strong><span style=\"color:#851989\" class=\"has-inline-color\">Retrouvez son contenu \u00e0 partir de l&#8217;onglet RESSOURCES P\u00c9DAGOGIQUES<\/span><\/strong> <strong><span style=\"color:#851989\" class=\"has-inline-color\">\/ Ressources issues de nos formations<\/span><\/strong><\/p>\n\n\n\n<div class=\"wp-block-themeisle-blocks-advanced-columns has-1-columns has-desktop-equal-layout has-tablet-equal-layout has-mobile-equal-layout has-default-gap has-vertical-unset\" id=\"wp-block-themeisle-blocks-advanced-columns-bd8be2e4\"><div class=\"wp-block-themeisle-blocks-advanced-columns-overlay\"><\/div><div class=\"innerblocks-wrap\">\n<div class=\"wp-block-themeisle-blocks-advanced-column\" id=\"wp-block-themeisle-blocks-advanced-column-6eabda31\">\n<p class=\"has-medium-font-size\"><strong>Cette formation s&#8217;est d\u00e9roul\u00e9e du 19 au 22 octobre 2020.<\/strong><\/p>\n\n\n\n<ul class=\"wp-block-list\"><li><strong><span style=\"color:#851989\" class=\"has-inline-color\">De quoi Moli\u00e8re est-il le nom&nbsp;?<\/span><\/strong><\/li><\/ul>\n\n\n\n<p><strong>Les lectures des com\u00e9dies de Moli\u00e8re dans les manuels scolaires depuis la fin du XIX<sup>e<\/sup> jusqu&#8217;\u00e0 aujourd&#8217;hui<\/strong> \u00e0 travers l&#8217;exemple du <em>Malade imaginaire<\/em>, de <em>L&#8217;\u00c9cole des femmes<\/em>, de <em>Tartuffe<\/em> et de <em>L&#8217;Amour m\u00e9decin. \u2013 Isabelle Calleja-Roque<\/em> <\/p>\n\n\n\n<p><strong><a href=\"https:\/\/operation-moliere.net\/index.php\/ressources\/ressources-pedagogiques\/ressources-issues-de-nos-formations\/moliere-dans-les-manuels-scolaires\/\" target=\"_blank\" rel=\"noreferrer noopener\">Voir la vid\u00e9o<\/a><\/strong><\/p>\n\n\n\n<ul class=\"wp-block-list\"><li><strong><span style=\"color:#851989\" class=\"has-inline-color\">La com\u00e9die-ballet<\/span><\/strong><\/li><\/ul>\n\n\n\n<p><strong>La com\u00e9die-ballet d\u2019hier \u00e0 aujourd\u2019hui : <\/strong>un genre artistique hybride\u00a0?<strong>\u2013 <\/strong><em>Matthieu Franchin<\/em><\/p>\n\n\n\n<p><strong><a href=\"https:\/\/operation-moliere.net\/index.php\/ressources\/ressources-pedagogiques\/ressources-issues-de-nos-formations\/la-comedie-ballet\/\" target=\"_blank\" rel=\"noreferrer noopener\">Lire des extraits de son intervention<\/a><\/strong><\/p>\n\n\n\n<p><strong>Le corps malade &#8211; atelier danse&nbsp;: cr\u00e9ation d\u2019une phrase chor\u00e9graphique &#8211; <\/strong><em>Shush Tenin<\/em><strong><\/strong><\/p>\n\n\n\n<ul class=\"wp-block-list\"><li><strong><span style=\"color:#851989\" class=\"has-inline-color\">Moli\u00e8re sur sc\u00e8ne<\/span><\/strong><\/li><\/ul>\n\n\n\n<p><strong>Moli\u00e8re sur sc\u00e8ne : <\/strong>panorama des mises en sc\u00e8ne des ann\u00e9es 1960 \u00e0 nos jours &#8211; <em>Yannic Mancel<\/em><\/p>\n\n\n\n<p><strong><a href=\"https:\/\/operation-moliere.net\/index.php\/ressources\/ressources-pedagogiques\/ressources-issues-de-nos-formations\/moliere-sur-scene\/\" target=\"_blank\" rel=\"noreferrer noopener\">Voir la vid\u00e9o<\/a><\/strong><\/p>\n\n\n\n<ul class=\"wp-block-list\"><li><strong><span style=\"color:#851989\" class=\"has-inline-color\">Les d\u00e9cors de Moli\u00e8re<\/span><\/strong><\/li><\/ul>\n\n\n\n<p><strong>\u00c0 quoi ressemblaient les d\u00e9cors de Moli\u00e8re ?<\/strong> Recherches pour une tentative de reconstitution &#8211; <em>Philippe Cornuaille<\/em><\/p>\n\n\n\n<p><strong><a href=\"https:\/\/operation-moliere.net\/index.php\/ressources\/ressources-pedagogiques\/ressources-issues-de-nos-formations\/canope\/\" target=\"_blank\" rel=\"noreferrer noopener\">Voir la vid\u00e9o<\/a><\/strong><\/p>\n\n\n\n<p><\/p>\n\n\n\n<p class=\"has-text-align-right\"><strong>Pour d\u00e9couvrir son contenu, c&#8217;est <a href=\"https:\/\/operation-moliere.net\/wp-content\/uploads\/2020\/11\/Molie\u0300re-regards-croise\u0301s.pdf\" target=\"_blank\" rel=\"noreferrer noopener\"><span style=\"color:#851989\" class=\"has-inline-color\">l\u00e0<\/span><\/a><\/strong><\/p>\n<\/div>\n<\/div><\/div>\n\n\n\n<p><\/p>\n","protected":false},"excerpt":{"rendered":"<p>Retrouvez son contenu \u00e0 partir de l&#8217;onglet RESSOURCES P\u00c9DAGOGIQUES \/ Ressources issues de nos formations<\/p>\n","protected":false},"author":1,"featured_media":0,"parent":416,"menu_order":1,"comment_status":"closed","ping_status":"closed","template":"","meta":{"footnotes":""},"class_list":["post-433","page","type-page","status-publish","hentry"],"yoast_head":"<!-- This site is optimized with the Yoast SEO plugin v27.5 - https:\/\/yoast.com\/product\/yoast-seo-wordpress\/ -->\n<title>Moli\u00e8re sur sc\u00e8ne, Moli\u00e8re \u00e0 l&#039;\u00e9cole : regards crois\u00e9s - Op\u00e9ration Moli\u00e8re<\/title>\n<meta name=\"description\" content=\"Pr\u00e9sentation de la formation : Moli\u00e8re sur sc\u00e8ne, Moli\u00e8re \u00e0 l&#039;\u00e9cole : regards crois\u00e9s\" \/>\n<meta name=\"robots\" content=\"index, follow, max-snippet:-1, max-image-preview:large, max-video-preview:-1\" \/>\n<link rel=\"canonical\" href=\"https:\/\/operation-moliere.net\/index.php\/les-formations\/moliere-sur-scene-moliere-a-lecole-regards-croises\/\" \/>\n<meta property=\"og:locale\" content=\"fr_FR\" \/>\n<meta property=\"og:type\" content=\"article\" \/>\n<meta property=\"og:title\" content=\"Moli\u00e8re sur sc\u00e8ne, Moli\u00e8re \u00e0 l&#039;\u00e9cole : regards crois\u00e9s - Op\u00e9ration Moli\u00e8re\" \/>\n<meta property=\"og:description\" content=\"Pr\u00e9sentation de la formation : Moli\u00e8re sur sc\u00e8ne, Moli\u00e8re \u00e0 l&#039;\u00e9cole : regards crois\u00e9s\" \/>\n<meta property=\"og:url\" content=\"https:\/\/operation-moliere.net\/index.php\/les-formations\/moliere-sur-scene-moliere-a-lecole-regards-croises\/\" \/>\n<meta property=\"og:site_name\" content=\"Op\u00e9ration Moli\u00e8re\" \/>\n<meta property=\"article:modified_time\" content=\"2021-03-18T19:03:13+00:00\" \/>\n<meta name=\"twitter:card\" content=\"summary_large_image\" \/>\n<meta name=\"twitter:label1\" content=\"Dur\u00e9e de lecture estim\u00e9e\" \/>\n\t<meta name=\"twitter:data1\" content=\"1 minute\" \/>\n<script type=\"application\/ld+json\" class=\"yoast-schema-graph\">{\"@context\":\"https:\\\/\\\/schema.org\",\"@graph\":[{\"@type\":\"WebPage\",\"@id\":\"https:\\\/\\\/operation-moliere.net\\\/index.php\\\/les-formations\\\/moliere-sur-scene-moliere-a-lecole-regards-croises\\\/\",\"url\":\"https:\\\/\\\/operation-moliere.net\\\/index.php\\\/les-formations\\\/moliere-sur-scene-moliere-a-lecole-regards-croises\\\/\",\"name\":\"Moli\u00e8re sur sc\u00e8ne, Moli\u00e8re \u00e0 l'\u00e9cole : regards crois\u00e9s - Op\u00e9ration Moli\u00e8re\",\"isPartOf\":{\"@id\":\"https:\\\/\\\/operation-moliere.net\\\/#website\"},\"datePublished\":\"2020-11-25T15:22:30+00:00\",\"dateModified\":\"2021-03-18T19:03:13+00:00\",\"description\":\"Pr\u00e9sentation de la formation : Moli\u00e8re sur sc\u00e8ne, Moli\u00e8re \u00e0 l'\u00e9cole : regards crois\u00e9s\",\"breadcrumb\":{\"@id\":\"https:\\\/\\\/operation-moliere.net\\\/index.php\\\/les-formations\\\/moliere-sur-scene-moliere-a-lecole-regards-croises\\\/#breadcrumb\"},\"inLanguage\":\"fr-FR\",\"potentialAction\":[{\"@type\":\"ReadAction\",\"target\":[\"https:\\\/\\\/operation-moliere.net\\\/index.php\\\/les-formations\\\/moliere-sur-scene-moliere-a-lecole-regards-croises\\\/\"]}]},{\"@type\":\"BreadcrumbList\",\"@id\":\"https:\\\/\\\/operation-moliere.net\\\/index.php\\\/les-formations\\\/moliere-sur-scene-moliere-a-lecole-regards-croises\\\/#breadcrumb\",\"itemListElement\":[{\"@type\":\"ListItem\",\"position\":1,\"name\":\"Accueil\",\"item\":\"https:\\\/\\\/operation-moliere.net\\\/\"},{\"@type\":\"ListItem\",\"position\":2,\"name\":\"LES FORMATIONS\",\"item\":\"https:\\\/\\\/operation-moliere.net\\\/index.php\\\/les-formations\\\/\"},{\"@type\":\"ListItem\",\"position\":3,\"name\":\"Moli\u00e8re sur sc\u00e8ne, Moli\u00e8re \u00e0 l&#8217;\u00e9cole : regards crois\u00e9s\"}]},{\"@type\":\"WebSite\",\"@id\":\"https:\\\/\\\/operation-moliere.net\\\/#website\",\"url\":\"https:\\\/\\\/operation-moliere.net\\\/\",\"name\":\"Op\u00e9ration Moli\u00e8re\",\"description\":\"\",\"publisher\":{\"@id\":\"https:\\\/\\\/operation-moliere.net\\\/#organization\"},\"potentialAction\":[{\"@type\":\"SearchAction\",\"target\":{\"@type\":\"EntryPoint\",\"urlTemplate\":\"https:\\\/\\\/operation-moliere.net\\\/?s={search_term_string}\"},\"query-input\":{\"@type\":\"PropertyValueSpecification\",\"valueRequired\":true,\"valueName\":\"search_term_string\"}}],\"inLanguage\":\"fr-FR\"},{\"@type\":\"Organization\",\"@id\":\"https:\\\/\\\/operation-moliere.net\\\/#organization\",\"name\":\"Op\u00e9ration Moli\u00e8re\",\"url\":\"https:\\\/\\\/operation-moliere.net\\\/\",\"logo\":{\"@type\":\"ImageObject\",\"inLanguage\":\"fr-FR\",\"@id\":\"https:\\\/\\\/operation-moliere.net\\\/#\\\/schema\\\/logo\\\/image\\\/\",\"url\":\"https:\\\/\\\/i1.wp.com\\\/operati.cluster030.hosting.ovh.net\\\/wp-content\\\/uploads\\\/2020\\\/11\\\/logo_signature_min_remonte.jpg?fit=1750%2C1567\",\"contentUrl\":\"https:\\\/\\\/i1.wp.com\\\/operati.cluster030.hosting.ovh.net\\\/wp-content\\\/uploads\\\/2020\\\/11\\\/logo_signature_min_remonte.jpg?fit=1750%2C1567\",\"width\":1750,\"height\":1567,\"caption\":\"Op\u00e9ration Moli\u00e8re\"},\"image\":{\"@id\":\"https:\\\/\\\/operation-moliere.net\\\/#\\\/schema\\\/logo\\\/image\\\/\"}}]}<\/script>\n<!-- \/ Yoast SEO plugin. -->","yoast_head_json":{"title":"Moli\u00e8re sur sc\u00e8ne, Moli\u00e8re \u00e0 l'\u00e9cole : regards crois\u00e9s - Op\u00e9ration Moli\u00e8re","description":"Pr\u00e9sentation de la formation : Moli\u00e8re sur sc\u00e8ne, Moli\u00e8re \u00e0 l'\u00e9cole : regards crois\u00e9s","robots":{"index":"index","follow":"follow","max-snippet":"max-snippet:-1","max-image-preview":"max-image-preview:large","max-video-preview":"max-video-preview:-1"},"canonical":"https:\/\/operation-moliere.net\/index.php\/les-formations\/moliere-sur-scene-moliere-a-lecole-regards-croises\/","og_locale":"fr_FR","og_type":"article","og_title":"Moli\u00e8re sur sc\u00e8ne, Moli\u00e8re \u00e0 l'\u00e9cole : regards crois\u00e9s - Op\u00e9ration Moli\u00e8re","og_description":"Pr\u00e9sentation de la formation : Moli\u00e8re sur sc\u00e8ne, Moli\u00e8re \u00e0 l'\u00e9cole : regards crois\u00e9s","og_url":"https:\/\/operation-moliere.net\/index.php\/les-formations\/moliere-sur-scene-moliere-a-lecole-regards-croises\/","og_site_name":"Op\u00e9ration Moli\u00e8re","article_modified_time":"2021-03-18T19:03:13+00:00","twitter_card":"summary_large_image","twitter_misc":{"Dur\u00e9e de lecture estim\u00e9e":"1 minute"},"schema":{"@context":"https:\/\/schema.org","@graph":[{"@type":"WebPage","@id":"https:\/\/operation-moliere.net\/index.php\/les-formations\/moliere-sur-scene-moliere-a-lecole-regards-croises\/","url":"https:\/\/operation-moliere.net\/index.php\/les-formations\/moliere-sur-scene-moliere-a-lecole-regards-croises\/","name":"Moli\u00e8re sur sc\u00e8ne, Moli\u00e8re \u00e0 l'\u00e9cole : regards crois\u00e9s - Op\u00e9ration Moli\u00e8re","isPartOf":{"@id":"https:\/\/operation-moliere.net\/#website"},"datePublished":"2020-11-25T15:22:30+00:00","dateModified":"2021-03-18T19:03:13+00:00","description":"Pr\u00e9sentation de la formation : Moli\u00e8re sur sc\u00e8ne, Moli\u00e8re \u00e0 l'\u00e9cole : regards crois\u00e9s","breadcrumb":{"@id":"https:\/\/operation-moliere.net\/index.php\/les-formations\/moliere-sur-scene-moliere-a-lecole-regards-croises\/#breadcrumb"},"inLanguage":"fr-FR","potentialAction":[{"@type":"ReadAction","target":["https:\/\/operation-moliere.net\/index.php\/les-formations\/moliere-sur-scene-moliere-a-lecole-regards-croises\/"]}]},{"@type":"BreadcrumbList","@id":"https:\/\/operation-moliere.net\/index.php\/les-formations\/moliere-sur-scene-moliere-a-lecole-regards-croises\/#breadcrumb","itemListElement":[{"@type":"ListItem","position":1,"name":"Accueil","item":"https:\/\/operation-moliere.net\/"},{"@type":"ListItem","position":2,"name":"LES FORMATIONS","item":"https:\/\/operation-moliere.net\/index.php\/les-formations\/"},{"@type":"ListItem","position":3,"name":"Moli\u00e8re sur sc\u00e8ne, Moli\u00e8re \u00e0 l&#8217;\u00e9cole : regards crois\u00e9s"}]},{"@type":"WebSite","@id":"https:\/\/operation-moliere.net\/#website","url":"https:\/\/operation-moliere.net\/","name":"Op\u00e9ration Moli\u00e8re","description":"","publisher":{"@id":"https:\/\/operation-moliere.net\/#organization"},"potentialAction":[{"@type":"SearchAction","target":{"@type":"EntryPoint","urlTemplate":"https:\/\/operation-moliere.net\/?s={search_term_string}"},"query-input":{"@type":"PropertyValueSpecification","valueRequired":true,"valueName":"search_term_string"}}],"inLanguage":"fr-FR"},{"@type":"Organization","@id":"https:\/\/operation-moliere.net\/#organization","name":"Op\u00e9ration Moli\u00e8re","url":"https:\/\/operation-moliere.net\/","logo":{"@type":"ImageObject","inLanguage":"fr-FR","@id":"https:\/\/operation-moliere.net\/#\/schema\/logo\/image\/","url":"https:\/\/i1.wp.com\/operati.cluster030.hosting.ovh.net\/wp-content\/uploads\/2020\/11\/logo_signature_min_remonte.jpg?fit=1750%2C1567","contentUrl":"https:\/\/i1.wp.com\/operati.cluster030.hosting.ovh.net\/wp-content\/uploads\/2020\/11\/logo_signature_min_remonte.jpg?fit=1750%2C1567","width":1750,"height":1567,"caption":"Op\u00e9ration Moli\u00e8re"},"image":{"@id":"https:\/\/operation-moliere.net\/#\/schema\/logo\/image\/"}}]}},"jetpack_sharing_enabled":true,"_links":{"self":[{"href":"https:\/\/operation-moliere.net\/index.php\/wp-json\/wp\/v2\/pages\/433","targetHints":{"allow":["GET"]}}],"collection":[{"href":"https:\/\/operation-moliere.net\/index.php\/wp-json\/wp\/v2\/pages"}],"about":[{"href":"https:\/\/operation-moliere.net\/index.php\/wp-json\/wp\/v2\/types\/page"}],"author":[{"embeddable":true,"href":"https:\/\/operation-moliere.net\/index.php\/wp-json\/wp\/v2\/users\/1"}],"replies":[{"embeddable":true,"href":"https:\/\/operation-moliere.net\/index.php\/wp-json\/wp\/v2\/comments?post=433"}],"version-history":[{"count":8,"href":"https:\/\/operation-moliere.net\/index.php\/wp-json\/wp\/v2\/pages\/433\/revisions"}],"predecessor-version":[{"id":1715,"href":"https:\/\/operation-moliere.net\/index.php\/wp-json\/wp\/v2\/pages\/433\/revisions\/1715"}],"up":[{"embeddable":true,"href":"https:\/\/operation-moliere.net\/index.php\/wp-json\/wp\/v2\/pages\/416"}],"wp:attachment":[{"href":"https:\/\/operation-moliere.net\/index.php\/wp-json\/wp\/v2\/media?parent=433"}],"curies":[{"name":"wp","href":"https:\/\/api.w.org\/{rel}","templated":true}]}}